{"id":363,"date":"2015-01-23T18:58:00","date_gmt":"2015-01-23T23:28:00","guid":{"rendered":"http:\/\/old.jimmyday.com.ve\/?page_id=363"},"modified":"2015-01-27T12:57:20","modified_gmt":"2015-01-27T17:27:20","slug":"expo","status":"publish","type":"page","link":"http:\/\/old.jimmyday.com.ve\/en\/expo\/","title":{"rendered":"Expo"},"content":{"rendered":"<p>[et_pb_section fullwidth=&#8221;off&#8221; specialty=&#8221;off&#8221; transparent_background=&#8221;off&#8221; background_color=&#8221;#91b285&#8243; inner_shadow=&#8221;off&#8221; parallax=&#8221;off&#8221; parallax_method=&#8221;off&#8221; module_class=&#8221;header-tit&#8221;][et_pb_row][et_pb_column type=&#8221;4_4&#8243;][et_pb_text admin_label=&#8221;Text&#8221; background_layout=&#8221;light&#8221; text_orientation=&#8221;left&#8221;]<\/p>\n<h1 class=\"expos\">Retrospective &#8211; <span class=\"color-terracota\">Evo<\/span><span class=\"color-ocre\">luz<\/span><span class=\"color-carne\">i\u00f3n<\/span><\/h1>\n<div class=\"lugar\">Centro de Artes Omar Carre\u00f1o La Asunci\u00f3n, November 22th, 2012<\/div>\n<p>[\/et_pb_text][\/et_pb_column][\/et_pb_row][\/et_pb_section][et_pb_section][et_pb_row][et_pb_column type=&#8221;4_4&#8243;][et_pb_gallery admin_label=&#8221;Gallery&#8221; gallery_ids=&#8221;127,128,129,130,131,132,133,134&#8243; fullwidth=&#8221;off&#8221; posts_number=&#8221;8&#8243; show_title_and_caption=&#8221;on&#8221; show_pagination=&#8221;off&#8221; background_layout=&#8221;light&#8221; \/][\/et_pb_column][\/et_pb_row][\/et_pb_section][et_pb_section fullwidth=&#8221;off&#8221; specialty=&#8221;off&#8221; transparent_background=&#8221;off&#8221; background_color=&#8221;#ffffff&#8221; inner_shadow=&#8221;off&#8221; parallax=&#8221;off&#8221; parallax_method=&#8221;off&#8221; module_class=&#8221;no-top-margin&#8221;][et_pb_row][et_pb_column type=&#8221;2_3&#8243;][et_pb_text admin_label=&#8221;Text&#8221; background_layout=&#8221;light&#8221; text_orientation=&#8221;left&#8221;]<\/p>\n<h3>Is painting one of the oldest activities known to Man?<\/h3>\n<p>Why did the caveman have the need to leave his mark on the stone that gave him shelter? And&#8230; why do we continue to do it to this day?&#8230; A good question to ask Jimmy Day.<\/p>\n<p>Retired from the day-to-day activities of our frenetic Universe, isolated on a tropical island in the Caribbean, and within this island doubly isolated from it and the World, protected by high walls, he fulfils his necessity to paint. WHY?<\/p>\n<p>This is a question that perhaps I have also asked myself since living on the same island and under similar conditions for the last nine years. It is not that we have to paint to live. rather, it is that we live to paint. What is it then that makes a person express himself through painting since the beginning of time? I fear that neither Jimmy nor I nor the innumerable painters who have proceded us, have the answer. Possibly we are born with an incurable virus, which pushes us without reason, to do it. And, to our own discomfiture and that of those close to us who accompany and succour us, the need to paint instead of being a pleasure becomes an internal torture&#8230; But we continue to do it.<\/p>\n<p>It is difficult as a painter to analyse the work of a colleague. This is the task for the critics. I can only say that, from the time that I have known Jimmy: I have been singularly impressed by his work, by the seriousness of his approach and by his ongoing commitment to improve. I have seen and followed his work and have been aware of its evolution. His painting is not effortless. Rather, it requires multiple stages; compositional sketches, later enlarged to scale to transfer then to canvas, followed by in-depth tonal and chromatic studies in order to achieve coherent whole. Of course, these were the techniques of the Old Masters, now abandoned by the newer generations, under the pretext of &#8220;modernity&#8221;. However, one can still be &#8220;modern&#8221; and use the old ways, as is clearly shown in music and literature. Here one has to master the craft, these cannot be improvised. A musical composition or a book has to be above all, well written, just as a painting must be well painted, and that is not easy. This exacting approach is what has enabled Jimmy Day&#8217;s work to be a masterly expression, particularly in its composition and in the chromatic harmony dominated by ochre, greens and yellows. His most recent series, based on banana groves, are an example of quality and coherence, where there is evident a will, a personality and an unmistakeable style, all of which deserve high praise.<\/p>\n<p style=\"text-align: right;\"><strong>\u00c1ngel Hurtado<\/strong><\/p>\n<p style=\"text-align: right;\">Distinguished Venezuelan painter and film producer. Holder of may prestigious national and international awards.<strong><br \/>\n<\/strong><\/p>\n<p>[\/et_pb_text][\/et_pb_column][et_pb_column type=&#8221;1_3&#8243;][et_pb_testimonial admin_label=&#8221;Testimonial&#8221; author=&#8221;Carolina Lehmann&#8221; url_new_window=&#8221;off&#8221; quote_icon=&#8221;on&#8221; use_background_color=&#8221;on&#8221; background_color=&#8221;#c7a35f&#8221; background_layout=&#8221;light&#8221; text_orientation=&#8221;left&#8221;]<\/p>\n<p>&#8220;&#8230;we are in the presence of a profoundly disciplined individual, with a never-ending quest for perfection; to do it better is a fundamental part of his being. Herein lies his onging learning process and the labor on which his eyes and his heart are engaged&#8230;&#8221;<\/p>\n<p>[\/et_pb_testimonial][et_pb_testimonial admin_label=&#8221;Testimonial&#8221; author=&#8221;Per\u00e1n Erminy&#8221; url_new_window=&#8221;off&#8221; quote_icon=&#8221;on&#8221; use_background_color=&#8221;on&#8221; background_color=&#8221;#c7a35f&#8221; background_layout=&#8221;light&#8221; text_orientation=&#8221;left&#8221;]<\/p>\n<p>\u201cThese paintings are provoked by an initial wonder, from a daily discovery, with never ending delight of the leaves of his garden, a place for dreaming and peace, a domestic symbol of the lost Eden, refuge of stillness and beauty&#8230;\u201d<\/p>\n<p>[\/et_pb_testimonial][et_pb_text admin_label=&#8221;Text&#8221; background_layout=&#8221;light&#8221; text_orientation=&#8221;left&#8221;]<div role=\"form\" class=\"wpcf7\" id=\"wpcf7-f365-o1\" lang=\"en-US\" dir=\"ltr\">\n<div class=\"screen-reader-response\"><p role=\"status\" aria-live=\"polite\" aria-atomic=\"true\"><\/p> <ul><\/ul><\/div>\n<form action=\"\/en\/wp-json\/wp\/v2\/pages\/363#wpcf7-f365-o1\" method=\"post\" class=\"wpcf7-form init\" novalidate=\"novalidate\" data-status=\"init\">\n<div style=\"display: none;\">\n<input type=\"hidden\" name=\"_wpcf7\" value=\"365\" \/>\n<input type=\"hidden\" name=\"_wpcf7_version\" value=\"5.6\" \/>\n<input type=\"hidden\" name=\"_wpcf7_locale\" value=\"en_US\" \/>\n<input type=\"hidden\" name=\"_wpcf7_unit_tag\" value=\"wpcf7-f365-o1\" \/>\n<input type=\"hidden\" name=\"_wpcf7_container_post\" value=\"0\" \/>\n<input type=\"hidden\" name=\"_wpcf7_posted_data_hash\" value=\"\" \/>\n<input type=\"hidden\" name=\"_wpcf7_recaptcha_response\" value=\"\" \/>\n<\/div>\n<div class=\"email-catalog\">\n<p>To receive the electronic catalog of the <strong>Retrospective \u201cEvoluzi\u00f3n\u201d<\/strong> please fill your data<\/p>\n<p><span class=\"wpcf7-form-control-wrap\" data-name=\"Name\"><input type=\"text\" name=\"Name\" value=\"\" size=\"40\" class=\"wpcf7-form-control wpcf7-text wpcf7-validates-as-required\" aria-required=\"true\" aria-invalid=\"false\" placeholder=\"Name\" \/><\/span><\/p>\n<p><span class=\"wpcf7-form-control-wrap\" data-name=\"Surname\"><input type=\"text\" name=\"Surname\" value=\"\" size=\"40\" class=\"wpcf7-form-control wpcf7-text wpcf7-validates-as-required\" aria-required=\"true\" aria-invalid=\"false\" placeholder=\"Surname\" \/><\/span><\/p>\n<p><span class=\"wpcf7-form-control-wrap\" data-name=\"email\"><input type=\"email\" name=\"email\" value=\"\" size=\"40\" class=\"wpcf7-form-control wpcf7-text wpcf7-email wpcf7-validates-as-required wpcf7-validates-as-email\" aria-required=\"true\" aria-invalid=\"false\" placeholder=\"email\" \/><\/span><\/p>\n<p><input type=\"submit\" value=\"Send\" class=\"wpcf7-form-control has-spinner wpcf7-submit\" \/><\/p>\n<\/div>\n<div class=\"wpcf7-response-output\" aria-hidden=\"true\"><\/div><\/form><\/div>[\/et_pb_text][\/et_pb_column][\/et_pb_row][\/et_pb_section]<\/p>\n","protected":false},"excerpt":{"rendered":"<p><div class=\"et_pb_row et_pb_row_0 et_pb_row_empty\">\n\t\t\t\t\n\t\t\t\t\n\t\t\t\t\n\t\t\t\t\n\t\t\t\t\n\t\t\t<\/div> Retrospective &#8211; Evoluzi\u00f3n Centro de Artes Omar Carre\u00f1o La Asunci\u00f3n, November 22th, 2012 <div class=\"et_pb_section et_pb_section_0 et_section_regular\" >\n\t\t\t\t\n\t\t\t\t\n\t\t\t\t\n\t\t\t\t\n\t\t\t\t\n\t\t\t\t\n\t\t\t\t\n\t\t\t\t\n\t\t\t\t\n\t\t\t<\/div><div class=\"et_pb_row et_pb_row_1 et_pb_row_empty\">\n\t\t\t\t\n\t\t\t\t\n\t\t\t\t\n\t\t\t\t\n\t\t\t\t\n\t\t\t<\/div><div class=\"et_pb_row et_pb_row_2 et_pb_row_empty\">\n\t\t\t\t\n\t\t\t\t\n\t\t\t\t\n\t\t\t\t\n\t\t\t\t\n\t\t\t<\/div> Is painting one of the oldest activities known to Man? Why did the caveman have the need to leave his mark on the stone that gave him shelter? And&#8230; why do we continue to do it to this day?&#8230; A [&hellip;]<\/p>\n","protected":false},"author":4,"featured_media":0,"parent":0,"menu_order":0,"comment_status":"closed","ping_status":"closed","template":"","meta":{"_et_pb_use_builder":"on","_et_pb_old_content":"<p>[et_pb_section fullwidth=\"off\" specialty=\"off\" transparent_background=\"off\" background_color=\"#91b285\" inner_shadow=\"off\" parallax=\"off\" parallax_method=\"off\" module_class=\"header-tit\"][et_pb_row][et_pb_column type=\"4_4\"][et_pb_text admin_label=\"Text\" background_layout=\"light\" text_orientation=\"left\"]<\/p><h1 class=\"expos\">Retrospectiva - <span class=\"color-terracota\">Evo<\/span><span class=\"color-ocre\">luz<\/span><span class=\"color-carne\">i\u00f3n<\/span><\/h1><div class=\"lugar\">Centro de Artes Omar Carre\u00f1o La Asunci\u00f3n, 22 de noviembre de 2012<\/div><p>[\/et_pb_text][\/et_pb_column][\/et_pb_row][\/et_pb_section][et_pb_section][et_pb_row][et_pb_column type=\"4_4\"][et_pb_gallery admin_label=\"Gallery\" gallery_ids=\"127,128,129,130,131,132,133,134\" fullwidth=\"off\" posts_number=\"8\" show_title_and_caption=\"on\" show_pagination=\"off\" background_layout=\"light\" \/][\/et_pb_column][\/et_pb_row][\/et_pb_section][et_pb_section fullwidth=\"off\" specialty=\"off\" transparent_background=\"off\" background_color=\"#ffffff\" inner_shadow=\"off\" parallax=\"off\" parallax_method=\"off\" module_class=\"no-top-margin\"][et_pb_row][et_pb_column type=\"2_3\"][et_pb_text admin_label=\"Text\" background_layout=\"light\" text_orientation=\"left\"]<\/p><h3>\u00bfEs pintar una de las m\u00e1s antiguas actividades del hombre?<\/h3><p><strong>\u00bfPorqu\u00e9 el hombre de las cavernas tuvo la necesidad de dejar su huella en las piedras que lo cobijaban?<\/strong> Y... \u00bfporqu\u00e9 lo seguimos haciendo hasta hoy?. Buena pregunta para hac\u00e9rsela a Jimmy Day. Retirado de las actividades convencionales de nuestro agitado universo; asilado en una isla del Caribe, y, dentro de esa isla, doblemente aislado, de ella y del mundo, protegido por altos muros, se dedica a su necesidad de pintar. \u00bfPorqu\u00e9? Es quiz\u00e1s la pregunta que tambi\u00e9n yo me he hecho, desde hace nueve a\u00f1os que resido en la misma isla y en las mismas condiciones. No es que tengamos la necesidad de pintar para sobrevivir, la necesidad es de vivir para pintar. \u00bfQue obliga pues, al ser humano a expresarse a trav\u00e9s de la pintura desde los inmemorables tiempos de la creaci\u00f3n? Me temo que tanto Jimmy como yo no tengamos respuesta, como no la tendr\u00e1n tampoco los innumerables pintores que nos han precedido. Posiblemente nacemos con un virus incurable que nos impulsa, sin raz\u00f3n, a hacerlo, y para nuestro propio desconcierto y para el de los seres queridos que nos rodean y nos soportan, la necesidad de pintar, en vez de placer se convierte en tortura interior... <strong>Pero lo seguimos haciendo!<\/strong> Es dif\u00edcil para otro pintor hacer un an\u00e1lisis del trabajo de un colega. Es una tarea para los cr\u00edticos de arte. S\u00f3lo puedo decir que, desde que conozco a Jimmy, me llam\u00f3 poderosamente la atenci\u00f3n su trabajo, por su seriedad y por su af\u00e1n de hacerlo bien, y por querer hacerlo cada vez mejor. He visto y seguido su trabajo y he apreciado su evoluci\u00f3n. Su pintura no es producto de la facilidad sino que requiere muchas etapas: bocetos compositivos, ampliaci\u00f3n de ellos a escalas muy precisas para llevarlos al lienzo y luego el estudio de las diversas tonalidades y valores de claroscuro para lograr una obra coherente. Por supuesto, estas eran las t\u00e9cnicas de los viejos maestros, hoy en desuso por las nuevas generaciones, con el pretexto de pertenecer a la \u201cmodernidad\u201d. Pero se puede ser \u201cmoderno\u201d usando las t\u00e9cnicas antiguas, como bien lo demuestran la m\u00fasica y la literatura. Aqu\u00ed se necesita conocer los oficios pues estos no se improvisan, una composici\u00f3n musical o un libro deben ser, primero que todo, bien escritos, as\u00ed como un cuadro debe ser bien pintado. Y esto no es f\u00e1cil. Este rigor es lo que ha llevado al trabajo de Jimmy Day a expresarse con gran maestr\u00eda sobre todo en la composici\u00f3n y en la armon\u00eda de sus tonalidades en las que predominan los ocres, verdes y amarillos. Su \u00faltima serie, basada en las plantaciones de bananas, son un ejemplo de calidad y coherencia, donde se aprecia una voluntad, una personalidad y un estilo inconfundible, por lo cual merece los mejores elogios.<\/p><p style=\"text-align: right;\"><strong>\u00c1ngel Hurtado<\/strong><\/p><p>[\/et_pb_text][\/et_pb_column][et_pb_column type=\"1_3\"][et_pb_testimonial admin_label=\"Testimonial\" author=\"Carolina Lehmann\" url_new_window=\"off\" quote_icon=\"on\" use_background_color=\"on\" background_color=\"#c7a35f\" background_layout=\"light\" text_orientation=\"left\"] ...\u201dnos encontramos ante la presencia de un ser profundamente disciplinado, con una demanda sempiterna de la perfecci\u00f3n, el buen hacer forma parte indefectible de su esencia, es por ello el aprendizaje perenne, de la labor sobre la cual posa sus ojos y su coraz\u00f3n. \u201d... [\/et_pb_testimonial][et_pb_testimonial admin_label=\"Testimonial\" author=\"Per\u00e1n Erminy\" url_new_window=\"off\" quote_icon=\"on\" use_background_color=\"on\" background_color=\"#c7a35f\" background_layout=\"light\" text_orientation=\"left\"] \u201cEstas pinturas provenientes de un maravillamiento inicial, de un descubrir cada d\u00eda, con inagotable deleite, las hojas de su propio jard\u00edn, espacio de enso\u00f1aci\u00f3n y de sosiego, s\u00edmbolo dom\u00e9stico del Ed\u00e9n perdido, refugio de paz y de belleza.\u201d... [\/et_pb_testimonial][et_pb_text admin_label=\"Text\" background_layout=\"light\" text_orientation=\"left\"][contact-form-7 id=\"143\" title=\"evoluzion\"][\/et_pb_text][\/et_pb_column][\/et_pb_row][\/et_pb_section]<\/p>","_et_gb_content_width":"","_monsterinsights_skip_tracking":false,"_monsterinsights_sitenote_active":false,"_monsterinsights_sitenote_note":"","_monsterinsights_sitenote_category":0},"yoast_head":"<title>Expo - Jimmy Day<\/title>\n<meta name=\"description\" content=\"Retrospective exhibition of Jimmy Day&#039;s &quot;Evoluzion&quot; in the Arts Center Omar Carre\u00f1o, La Asunci\u00f3n, November 22th, 2012\" \/>\n<meta name=\"robots\" content=\"index, follow, max-snippet:-1, max-image-preview:large, max-video-preview:-1\" \/>\n<link rel=\"canonical\" href=\"http:\/\/old.jimmyday.com.ve\/en\/expo\/\" \/>\n<meta property=\"og:locale\" content=\"en_US\" \/>\n<meta property=\"og:type\" content=\"article\" \/>\n<meta property=\"og:title\" content=\"Expo - Jimmy Day\" \/>\n<meta property=\"og:description\" content=\"Retrospective exhibition of Jimmy Day&#039;s &quot;Evoluzion&quot; in the Arts Center Omar Carre\u00f1o, La Asunci\u00f3n, November 22th, 2012\" \/>\n<meta property=\"og:url\" content=\"http:\/\/old.jimmyday.com.ve\/en\/expo\/\" \/>\n<meta property=\"og:site_name\" content=\"Jimmy Day\" \/>\n<meta property=\"article:publisher\" content=\"https:\/\/www.facebook.com\/pages\/Jimmy-Day\/236789334116\" \/>\n<meta property=\"article:modified_time\" content=\"2015-01-27T17:27:20+00:00\" \/>\n<meta name=\"twitter:label1\" content=\"Est. reading time\" \/>\n\t<meta name=\"twitter:data1\" content=\"4 minutes\" \/>\n<script type=\"application\/ld+json\" class=\"yoast-schema-graph\">{\"@context\":\"https:\/\/schema.org\",\"@graph\":[{\"@type\":\"WebSite\",\"@id\":\"https:\/\/old.jimmyday.com.ve\/#website\",\"url\":\"https:\/\/old.jimmyday.com.ve\/\",\"name\":\"Jimmy Day\",\"description\":\"\",\"potentialAction\":[{\"@type\":\"SearchAction\",\"target\":{\"@type\":\"EntryPoint\",\"urlTemplate\":\"https:\/\/old.jimmyday.com.ve\/?s={search_term_string}\"},\"query-input\":\"required name=search_term_string\"}],\"inLanguage\":\"en-US\"},{\"@type\":\"WebPage\",\"@id\":\"http:\/\/old.jimmyday.com.ve\/en\/expo\/#webpage\",\"url\":\"http:\/\/old.jimmyday.com.ve\/en\/expo\/\",\"name\":\"Expo - Jimmy Day\",\"isPartOf\":{\"@id\":\"https:\/\/old.jimmyday.com.ve\/#website\"},\"datePublished\":\"2015-01-23T23:28:00+00:00\",\"dateModified\":\"2015-01-27T17:27:20+00:00\",\"description\":\"Retrospective exhibition of Jimmy Day's \\\"Evoluzion\\\" in the Arts Center Omar Carre\u00f1o, La Asunci\u00f3n, November 22th, 2012\",\"breadcrumb\":{\"@id\":\"http:\/\/old.jimmyday.com.ve\/en\/expo\/#breadcrumb\"},\"inLanguage\":\"en-US\",\"potentialAction\":[{\"@type\":\"ReadAction\",\"target\":[\"http:\/\/old.jimmyday.com.ve\/en\/expo\/\"]}]},{\"@type\":\"BreadcrumbList\",\"@id\":\"http:\/\/old.jimmyday.com.ve\/en\/expo\/#breadcrumb\",\"itemListElement\":[{\"@type\":\"ListItem\",\"position\":1,\"name\":\"Portada\",\"item\":\"http:\/\/old.jimmyday.com.ve\/en\/\"},{\"@type\":\"ListItem\",\"position\":2,\"name\":\"Expo\"}]}]}<\/script>","yoast_head_json":{"title":"Expo - Jimmy Day","description":"Retrospective exhibition of Jimmy Day's \"Evoluzion\" in the Arts Center Omar Carre\u00f1o, La Asunci\u00f3n, November 22th, 2012","robots":{"index":"index","follow":"follow","max-snippet":"max-snippet:-1","max-image-preview":"max-image-preview:large","max-video-preview":"max-video-preview:-1"},"canonical":"http:\/\/old.jimmyday.com.ve\/en\/expo\/","og_locale":"en_US","og_type":"article","og_title":"Expo - Jimmy Day","og_description":"Retrospective exhibition of Jimmy Day's \"Evoluzion\" in the Arts Center Omar Carre\u00f1o, La Asunci\u00f3n, November 22th, 2012","og_url":"http:\/\/old.jimmyday.com.ve\/en\/expo\/","og_site_name":"Jimmy Day","article_publisher":"https:\/\/www.facebook.com\/pages\/Jimmy-Day\/236789334116","article_modified_time":"2015-01-27T17:27:20+00:00","twitter_misc":{"Est. reading time":"4 minutes"},"schema":{"@context":"https:\/\/schema.org","@graph":[{"@type":"WebSite","@id":"https:\/\/old.jimmyday.com.ve\/#website","url":"https:\/\/old.jimmyday.com.ve\/","name":"Jimmy Day","description":"","potentialAction":[{"@type":"SearchAction","target":{"@type":"EntryPoint","urlTemplate":"https:\/\/old.jimmyday.com.ve\/?s={search_term_string}"},"query-input":"required name=search_term_string"}],"inLanguage":"en-US"},{"@type":"WebPage","@id":"http:\/\/old.jimmyday.com.ve\/en\/expo\/#webpage","url":"http:\/\/old.jimmyday.com.ve\/en\/expo\/","name":"Expo - Jimmy Day","isPartOf":{"@id":"https:\/\/old.jimmyday.com.ve\/#website"},"datePublished":"2015-01-23T23:28:00+00:00","dateModified":"2015-01-27T17:27:20+00:00","description":"Retrospective exhibition of Jimmy Day's \"Evoluzion\" in the Arts Center Omar Carre\u00f1o, La Asunci\u00f3n, November 22th, 2012","breadcrumb":{"@id":"http:\/\/old.jimmyday.com.ve\/en\/expo\/#breadcrumb"},"inLanguage":"en-US","potentialAction":[{"@type":"ReadAction","target":["http:\/\/old.jimmyday.com.ve\/en\/expo\/"]}]},{"@type":"BreadcrumbList","@id":"http:\/\/old.jimmyday.com.ve\/en\/expo\/#breadcrumb","itemListElement":[{"@type":"ListItem","position":1,"name":"Portada","item":"http:\/\/old.jimmyday.com.ve\/en\/"},{"@type":"ListItem","position":2,"name":"Expo"}]}]}},"_links":{"self":[{"href":"http:\/\/old.jimmyday.com.ve\/en\/wp-json\/wp\/v2\/pages\/363"}],"collection":[{"href":"http:\/\/old.jimmyday.com.ve\/en\/wp-json\/wp\/v2\/pages"}],"about":[{"href":"http:\/\/old.jimmyday.com.ve\/en\/wp-json\/wp\/v2\/types\/page"}],"author":[{"embeddable":true,"href":"http:\/\/old.jimmyday.com.ve\/en\/wp-json\/wp\/v2\/users\/4"}],"replies":[{"embeddable":true,"href":"http:\/\/old.jimmyday.com.ve\/en\/wp-json\/wp\/v2\/comments?post=363"}],"version-history":[{"count":5,"href":"http:\/\/old.jimmyday.com.ve\/en\/wp-json\/wp\/v2\/pages\/363\/revisions"}],"predecessor-version":[{"id":391,"href":"http:\/\/old.jimmyday.com.ve\/en\/wp-json\/wp\/v2\/pages\/363\/revisions\/391"}],"wp:attachment":[{"href":"http:\/\/old.jimmyday.com.ve\/en\/wp-json\/wp\/v2\/media?parent=363"}],"curies":[{"name":"wp","href":"https:\/\/api.w.org\/{rel}","templated":true}]}}